{"id":2630,"date":"2026-08-21T15:00:15","date_gmt":"2026-08-21T13:00:15","guid":{"rendered":"https:\/\/gn.ycona.one\/?page_id=2630"},"modified":"2026-08-21T15:07:54","modified_gmt":"2026-08-21T13:07:54","slug":"politique-de-confidentialite","status":"publish","type":"page","link":"https:\/\/gn.ycona.one\/fr\/politique-de-confidentialite\/","title":{"rendered":"Politique de confidentialit\u00e9"},"content":{"rendered":"\n<div style=\"height:100px\" aria-hidden=\"true\" class=\"wp-block-spacer\"><\/div>\n\n\n\n<div class=\"wp-block-group container\"><div class=\"wp-block-group__inner-container is-layout-constrained wp-block-group-is-layout-constrained\">\n<h1 class=\"wp-block-heading\">Politique de confidentialit\u00e9<\/h1>\n\n\n\n<h2 class=\"wp-block-heading\">\u00a7 1 Informations sur la collecte de donn\u00e9es \u00e0 caract\u00e8re personnel<\/h2>\n\n\n\n<p class=\"wp-block-paragraph\">(1) Nous vous informons ci-apr\u00e8s de la collecte de donn\u00e9es \u00e0 caract\u00e8re personnel lors de l&rsquo;utilisation de notre site Internet. Les donn\u00e9es \u00e0 caract\u00e8re personnel sont toutes les donn\u00e9es permettant de vous identifier personnellement, par exemple le nom, l&rsquo;adresse, les adresses e-mail ou le comportement d&rsquo;utilisation.<\/p>\n\n\n\n<p class=\"wp-block-paragraph\">(2) Le responsable du traitement au sens de l&rsquo;art. 4, paragraphe 7, du R\u00e8glement g\u00e9n\u00e9ral sur la protection des donn\u00e9es de l&rsquo;Union europ\u00e9enne (RGPD) est :<\/p>\n\n\n\n<p class=\"wp-block-paragraph\"><strong>S+ MediaWorks GmbH<\/strong><br>Robin Stroh\u00e4ker<br>Dekan-Stockmayer-Str. 1<br>72202 Nagold<br>Allemagne<br>T\u00e9l\u00e9phone :<br>E-mail : <a href=\"mailto:info@splusmediaworks.com\">info@splusmediaworks.com<\/a><br>Site Internet : <a href=\"https:\/\/splusmediaworks.com\/wp-content\/themes\/bootscore-child\/maintenance\/legal\/www.splusmediaworks.com\">www.splusmediaworks.com<\/a><\/p>\n\n\n\n<p class=\"wp-block-paragraph\">(3) Lorsque vous nous contactez par e-mail ou via notre formulaire de contact, les donn\u00e9es que vous nous communiquez (votre adresse e-mail et, le cas \u00e9ch\u00e9ant, votre nom et votre num\u00e9ro de t\u00e9l\u00e9phone) sont enregistr\u00e9es afin de r\u00e9pondre \u00e0 vos questions. Nous supprimons les donn\u00e9es collect\u00e9es dans ce contexte d\u00e8s que leur conservation n&rsquo;est plus n\u00e9cessaire, ou nous limitons leur traitement lorsque des obligations l\u00e9gales de conservation existent.<\/p>\n\n\n\n<p class=\"wp-block-paragraph\">(4) Le traitement des donn\u00e9es aux fins de prise de contact avec nous est effectu\u00e9 conform\u00e9ment \u00e0 l&rsquo;art. 6, paragraphe 1, point a) du RGPD, sur la base du consentement que vous avez volontairement donn\u00e9.<\/p>\n\n\n\n<p class=\"wp-block-paragraph\">(5) Si nous faisons appel \u00e0 des prestataires de services mandat\u00e9s pour certaines fonctions de notre offre ou si nous souhaitons utiliser vos donn\u00e9es \u00e0 des fins publicitaires, nous vous informerons ci-dessous en d\u00e9tail des processus concern\u00e9s. Nous indiquerons \u00e9galement les crit\u00e8res d\u00e9finis concernant la dur\u00e9e de conservation.<\/p>\n\n\n\n<h2 class=\"wp-block-heading\">\u00a7 2 Vos droits<\/h2>\n\n\n\n<p class=\"wp-block-paragraph\">(1) Vous disposez des droits suivants concernant les donn\u00e9es \u00e0 caract\u00e8re personnel vous concernant :<\/p>\n\n\n\n<ul class=\"wp-block-list\">\n<li>Droit d&rsquo;acc\u00e8s (art. 15 RGPD),<\/li>\n\n\n\n<li>Droit de rectification (art. 16 RGPD),<\/li>\n\n\n\n<li>Droit \u00e0 l&rsquo;effacement (art. 17 RGPD),<\/li>\n\n\n\n<li>Droit \u00e0 la limitation du traitement (art. 18 RGPD),<\/li>\n\n\n\n<li>Droit d&rsquo;opposition au traitement (art. 21 RGPD),<\/li>\n\n\n\n<li>Droit \u00e0 la portabilit\u00e9 des donn\u00e9es (art. 20 RGPD),<\/li>\n\n\n\n<li>Droit de retirer votre consentement en mati\u00e8re de protection des donn\u00e9es (art. 7, paragraphe 3 RGPD).<\/li>\n<\/ul>\n\n\n\n<p class=\"wp-block-paragraph\">(2) Vous avez \u00e9galement le droit d&rsquo;introduire une r\u00e9clamation aupr\u00e8s d&rsquo;une autorit\u00e9 de contr\u00f4le de la protection des donn\u00e9es concernant le traitement de vos donn\u00e9es \u00e0 caract\u00e8re personnel par nos soins (art. 77 RGPD). L&rsquo;autorit\u00e9 de contr\u00f4le comp\u00e9tente est le Commissaire r\u00e9gional \u00e0 la protection des donn\u00e9es du Land de Bade-Wurtemberg : <a href=\"https:\/\/www.baden-wuerttemberg.datenschutz.de\/\">https:\/\/www.baden-wuerttemberg.datenschutz.de\/<\/a><\/p>\n\n\n\n<h2 class=\"wp-block-heading\">\u00a7 3 Collecte de donn\u00e9es \u00e0 caract\u00e8re personnel lors de la visite de notre site Internet<\/h2>\n\n\n\n<p class=\"wp-block-paragraph\">(1) Lors d&rsquo;une utilisation purement informative du site Internet, c&rsquo;est-\u00e0-dire si vous ne vous inscrivez pas ou ne nous transmettez aucune autre information, nous collectons uniquement les donn\u00e9es \u00e0 caract\u00e8re personnel que votre navigateur transmet \u00e0 notre serveur. Lorsque vous souhaitez consulter notre site Internet, nous collectons les donn\u00e9es suivantes, techniquement n\u00e9cessaires pour afficher notre site et garantir sa stabilit\u00e9 et sa s\u00e9curit\u00e9 (base juridique : art. 6, paragraphe 1, point f) RGPD) :<\/p>\n\n\n\n<ul class=\"wp-block-list\">\n<li>Adresse IP<\/li>\n\n\n\n<li>Date et heure de la requ\u00eate<\/li>\n\n\n\n<li>Diff\u00e9rence de fuseau horaire par rapport \u00e0 Greenwich Mean Time (GMT)<\/li>\n\n\n\n<li>Contenu de la requ\u00eate (page concern\u00e9e)<\/li>\n\n\n\n<li>Statut d&rsquo;acc\u00e8s\/code de statut HTTP<\/li>\n\n\n\n<li>Volume de donn\u00e9es transmis<\/li>\n\n\n\n<li>Site Internet \u00e0 l&rsquo;origine de la requ\u00eate<\/li>\n\n\n\n<li>Navigateur<\/li>\n\n\n\n<li>Syst\u00e8me d&rsquo;exploitation et son interface<\/li>\n\n\n\n<li>Langue et version du logiciel de navigation<\/li>\n<\/ul>\n\n\n\n<p class=\"wp-block-paragraph\">(2) Outre les donn\u00e9es mentionn\u00e9es pr\u00e9c\u00e9demment, des cookies sont enregistr\u00e9s sur votre ordinateur lorsque vous utilisez notre site Internet. Les cookies sont de petits fichiers texte enregistr\u00e9s sur votre disque dur et associ\u00e9s au navigateur que vous utilisez, par lesquels certaines informations sont transmises \u00e0 l&rsquo;organisme qui place le cookie (en l&rsquo;occurrence nous). Les cookies ne peuvent ni ex\u00e9cuter des programmes ni transmettre des virus \u00e0 votre ordinateur. Ils servent \u00e0 rendre l&rsquo;offre Internet globalement plus conviviale et plus efficace.<\/p>\n\n\n\n<p class=\"wp-block-paragraph\">(3) Utilisation des cookies :<\/p>\n\n\n\n<ol class=\"wp-block-list\">\n<li>a) Ce site Internet utilise les types de cookies suivants, dont la port\u00e9e et le fonctionnement sont expliqu\u00e9s ci-dessous :<\/li>\n<\/ol>\n\n\n\n<ul class=\"wp-block-list\">\n<li>Cookies temporaires (voir b)<\/li>\n\n\n\n<li>Cookies persistants (voir c).<\/li>\n<\/ul>\n\n\n\n<ol start=\"2\" class=\"wp-block-list\">\n<li>b) Les cookies temporaires sont automatiquement supprim\u00e9s lorsque vous fermez votre navigateur. Il s&rsquo;agit notamment des cookies de session. Ceux-ci enregistrent un identifiant de session permettant d&rsquo;associer diff\u00e9rentes requ\u00eates de votre navigateur \u00e0 une m\u00eame session. Votre ordinateur peut ainsi \u00eatre reconnu lorsque vous revenez sur notre site. Les cookies de session sont supprim\u00e9s lorsque vous vous d\u00e9connectez ou fermez votre navigateur.<\/li>\n\n\n\n<li>c) Les cookies persistants sont automatiquement supprim\u00e9s apr\u00e8s une dur\u00e9e pr\u00e9d\u00e9finie, qui peut varier selon le cookie. Vous pouvez supprimer les cookies \u00e0 tout moment dans les param\u00e8tres de s\u00e9curit\u00e9 de votre navigateur.<\/li>\n\n\n\n<li>d) Vous pouvez configurer les param\u00e8tres de votre navigateur selon vos pr\u00e9f\u00e9rences et, par exemple, refuser les cookies tiers ou tous les cookies. Veuillez noter que vous pourriez alors ne pas \u00eatre en mesure d&rsquo;utiliser toutes les fonctionnalit\u00e9s de ce site Internet.<\/li>\n\n\n\n<li>e) Nous utilisons des cookies afin de pouvoir vous identifier lors de visites ult\u00e9rieures si vous disposez d&rsquo;un compte chez nous. Dans le cas contraire, vous devriez vous reconnecter \u00e0 chaque visite.<\/li>\n\n\n\n<li>f) Les cookies Flash utilis\u00e9s ne sont pas d\u00e9tect\u00e9s par votre navigateur, mais par votre <a href=\"https:\/\/ycona.one\/glossary\/plugin\/\">plug-in<\/a> Flash. Nous utilisons \u00e9galement des objets de stockage HTML5 enregistr\u00e9s sur votre terminal. Ces objets enregistrent les donn\u00e9es n\u00e9cessaires ind\u00e9pendamment du navigateur utilis\u00e9 et n&rsquo;ont pas de date d&rsquo;expiration automatique. Si vous ne souhaitez pas que les cookies Flash soient trait\u00e9s, vous devez installer un <a href=\"https:\/\/gn.ycona.one\/glossary\/plugin\/\">module compl\u00e9mentaire<\/a> appropri\u00e9, par exemple \u00ab Better Privacy \u00bb pour Mozilla Firefox (<a href=\"https:\/\/ycona.one\/glossary\/http\/\">https<\/a>:\/\/addons.mozilla.org\/de\/firefox\/addon\/betterprivacy\/) ou Adobe Flash Killer Cookie pour Google Chrome. Vous pouvez emp\u00eacher l&rsquo;utilisation des objets de stockage HTML5 en utilisant le mode priv\u00e9 de votre navigateur. Nous vous recommandons \u00e9galement de supprimer r\u00e9guli\u00e8rement et manuellement vos cookies et votre historique de navigation.<\/li>\n<\/ol>\n\n\n\n<h2 class=\"wp-block-heading\">\u00a7 4 Autres fonctions et offres de notre site Internet<\/h2>\n\n\n\n<p class=\"wp-block-paragraph\">(1) Outre l&rsquo;utilisation purement informative de notre site Internet, nous proposons diff\u00e9rents services que vous pouvez utiliser si vous le souhaitez. Pour cela, vous devez g\u00e9n\u00e9ralement fournir d&rsquo;autres donn\u00e9es \u00e0 caract\u00e8re personnel que nous utilisons pour fournir le service concern\u00e9 et auxquelles s&rsquo;appliquent les principes de traitement des donn\u00e9es mentionn\u00e9s ci-dessus.<\/p>\n\n\n\n<p class=\"wp-block-paragraph\">(2) Nous faisons parfois appel \u00e0 des prestataires de services externes pour traiter vos donn\u00e9es. Ceux-ci ont \u00e9t\u00e9 soigneusement s\u00e9lectionn\u00e9s et mandat\u00e9s par nos soins, sont tenus de respecter nos instructions et font l&rsquo;objet de contr\u00f4les r\u00e9guliers.<\/p>\n\n\n\n<p class=\"wp-block-paragraph\">(3) Nous pouvons \u00e9galement transmettre vos donn\u00e9es \u00e0 caract\u00e8re personnel \u00e0 des tiers lorsque des participations \u00e0 des promotions, des jeux-concours, des conclusions de contrats ou des services similaires sont propos\u00e9s conjointement avec des partenaires. Vous recevrez des informations compl\u00e9mentaires lors de la saisie de vos donn\u00e9es \u00e0 caract\u00e8re personnel ou dans la description de l&rsquo;offre ci-dessous.<\/p>\n\n\n\n<p class=\"wp-block-paragraph\">(4) Si nos prestataires ou partenaires sont \u00e9tablis dans un pays situ\u00e9 en dehors de l&rsquo;Espace \u00e9conomique europ\u00e9en (EEE), nous vous informerons des cons\u00e9quences de cette situation dans la description de l&rsquo;offre concern\u00e9e.<\/p>\n\n\n\n<h2 class=\"wp-block-heading\">\u00a7 5 Opposition ou retrait du consentement au traitement de vos donn\u00e9es<\/h2>\n\n\n\n<p class=\"wp-block-paragraph\">(1) Si vous avez donn\u00e9 votre consentement au traitement de vos donn\u00e9es, vous pouvez le retirer \u00e0 tout moment. Ce retrait affecte la lic\u00e9it\u00e9 du traitement de vos donn\u00e9es \u00e0 caract\u00e8re personnel \u00e0 compter du moment o\u00f9 vous nous l&rsquo;avez communiqu\u00e9.<\/p>\n\n\n\n<p class=\"wp-block-paragraph\">(2) Lorsque nous fondons le traitement de vos donn\u00e9es \u00e0 caract\u00e8re personnel sur une mise en balance des int\u00e9r\u00eats, vous pouvez vous opposer au traitement. Cela s&rsquo;applique notamment lorsque le traitement n&rsquo;est pas n\u00e9cessaire \u00e0 l&rsquo;ex\u00e9cution d&rsquo;un contrat conclu avec vous, comme cela est pr\u00e9cis\u00e9 dans la description des diff\u00e9rentes fonctions ci-dessous. En cas d&rsquo;exercice de votre droit d&rsquo;opposition, nous vous demandons d&rsquo;indiquer les raisons pour lesquelles nous ne devrions pas traiter vos donn\u00e9es \u00e0 caract\u00e8re personnel de la mani\u00e8re d\u00e9crite. En cas d&rsquo;opposition justifi\u00e9e, nous examinerons la situation et cesserons ou adapterons le traitement des donn\u00e9es, ou nous vous exposerons les motifs l\u00e9gitimes et imp\u00e9rieux justifiant la poursuite du traitement.<\/p>\n\n\n\n<p class=\"wp-block-paragraph\">(3) Vous pouvez bien entendu vous opposer \u00e0 tout moment au traitement de vos donn\u00e9es \u00e0 caract\u00e8re personnel \u00e0 des fins publicitaires et d&rsquo;analyse des donn\u00e9es. Vous pouvez nous informer de votre opposition \u00e0 la publicit\u00e9 en utilisant les coordonn\u00e9es indiqu\u00e9es ci-dessus.<\/p>\n\n\n\n<h2 class=\"wp-block-heading\">\u00a7 6 Actualit\u00e9 et modification de la pr\u00e9sente politique de confidentialit\u00e9<\/h2>\n\n\n\n<p class=\"wp-block-paragraph\">La pr\u00e9sente politique de confidentialit\u00e9 est actuellement en vigueur et a \u00e9t\u00e9 mise \u00e0 jour en juillet 2026. En raison de l&rsquo;\u00e9volution de notre site Internet et des offres qui y sont propos\u00e9es, ou en raison de modifications des dispositions l\u00e9gales ou r\u00e9glementaires, il peut \u00eatre n\u00e9cessaire de modifier cette politique de confidentialit\u00e9. La version actuellement en vigueur peut \u00eatre consult\u00e9e et imprim\u00e9e \u00e0 tout moment sur le site Internet.<\/p>\n<\/div><\/div>\n\n\n\n<div style=\"height:100px\" aria-hidden=\"true\" class=\"wp-block-spacer\"><\/div>\n","protected":false},"excerpt":{"rendered":"<p>Politique de confidentialit\u00e9 \u00a7 1 Informations sur la collecte de donn\u00e9es \u00e0 caract\u00e8re personnel (1) Nous vous informons ci-apr\u00e8s de la collecte de donn\u00e9es \u00e0 caract\u00e8re personnel lors de l&rsquo;utilisation de notre site Internet. Les donn\u00e9es \u00e0 caract\u00e8re personnel sont toutes les donn\u00e9es permettant de vous identifier personnellement, par exemple le nom, l&rsquo;adresse, les adresses [&hellip;]<\/p>\n","protected":false},"author":1,"featured_media":0,"parent":0,"menu_order":0,"comment_status":"closed","ping_status":"closed","template":"","meta":{"footnotes":""},"class_list":["post-2630","page","type-page","status-publish","hentry"],"_links":{"self":[{"href":"https:\/\/gn.ycona.one\/fr\/wp-json\/wp\/v2\/pages\/2630","targetHints":{"allow":["GET"]}}],"collection":[{"href":"https:\/\/gn.ycona.one\/fr\/wp-json\/wp\/v2\/pages"}],"about":[{"href":"https:\/\/gn.ycona.one\/fr\/wp-json\/wp\/v2\/types\/page"}],"author":[{"embeddable":true,"href":"https:\/\/gn.ycona.one\/fr\/wp-json\/wp\/v2\/users\/1"}],"replies":[{"embeddable":true,"href":"https:\/\/gn.ycona.one\/fr\/wp-json\/wp\/v2\/comments?post=2630"}],"version-history":[{"count":1,"href":"https:\/\/gn.ycona.one\/fr\/wp-json\/wp\/v2\/pages\/2630\/revisions"}],"predecessor-version":[{"id":2631,"href":"https:\/\/gn.ycona.one\/fr\/wp-json\/wp\/v2\/pages\/2630\/revisions\/2631"}],"wp:attachment":[{"href":"https:\/\/gn.ycona.one\/fr\/wp-json\/wp\/v2\/media?parent=2630"}],"curies":[{"name":"wp","href":"https:\/\/api.w.org\/{rel}","templated":true}]}}